{"id":238,"date":"2023-08-10T15:27:30","date_gmt":"2023-08-10T13:27:30","guid":{"rendered":"https:\/\/www.mcom.cat\/es\/?page_id=238"},"modified":"2023-08-17T22:55:42","modified_gmt":"2023-08-17T20:55:42","slug":"comunicacion-corporativa","status":"publish","type":"page","link":"https:\/\/www.mcom.cat\/es\/comunicacion-corporativa\/","title":{"rendered":"Comunicaci\u00f3n corporativa"},"content":{"rendered":"\n<div class=\"wp-block-group alignfull has-no-underline gutenify-section-f7e99470-0dc6-11ee-8dea-6752b411a41e is-layout-flow wp-container-core-group-is-layout-a77db08e wp-block-group-is-layout-flow gtfy-26\">\n<div class=\"wp-block-cover is-light grayscale gutenify-section-f7c01370-0dc6-11ee-8dea-6752b411a41e gtfy-5\" style=\"min-height:405px;aspect-ratio:unset;\"><span aria-hidden=\"true\" class=\"wp-block-cover__background has-foreground-background-color has-background-dim\"><\/span><img loading=\"lazy\" decoding=\"async\" width=\"600\" height=\"360\" class=\"wp-block-cover__image-background wp-image-144\" alt=\"Reunion de persones en una mesa con ordenadores port\u00e1tiles\" src=\"https:\/\/www.mcom.cat\/wp-content\/uploads\/sites\/2\/2023\/08\/FOTO2_comunicacio_corporativa.jpg\" data-object-fit=\"cover\" srcset=\"https:\/\/www.mcom.cat\/es\/wp-content\/uploads\/sites\/2\/2023\/08\/FOTO2_comunicacio_corporativa.jpg 600w, https:\/\/www.mcom.cat\/es\/wp-content\/uploads\/sites\/2\/2023\/08\/FOTO2_comunicacio_corporativa-300x180.jpg 300w\" sizes=\"auto, (max-width: 600px) 100vw, 600px\" \/><div class=\"wp-block-cover__inner-container is-layout-flow wp-block-cover-is-layout-flow\">\n<div class=\"wp-block-group alignwide gutenify-section-f7beb3e0-0dc6-11ee-8dea-6752b411a41e is-layout-constrained wp-block-group-is-layout-constrained gtfy-4\">\n<div class=\"wp-block-group gutenify-section-8ad33cf0-3851-11ee-bbec-31f5be39df2b is-vertical is-layout-flex wp-container-core-group-is-layout-fe9cc265 wp-block-group-is-layout-flex gtfy-1\"><\/div>\n\n\n\n<h2 class=\"wp-block-heading has-text-align-center has-background-color has-text-color gutenify-section-8eb50b00-3851-11ee-bbec-31f5be39df2b gtfy-2\" style=\"font-size:2.7rem;font-style:normal;font-weight:900\"><strong>Servicios<\/strong><\/h2>\n\n\n\n<h2 class=\"wp-block-heading has-text-align-center has-background-color has-text-color gutenify-section-cb7960e0-3851-11ee-bbec-31f5be39df2b gtfy-3\" style=\"font-size:2.7rem;font-style:normal;font-weight:900\"><strong>Comunicaci\u00f3n corporativa<\/strong><\/h2>\n<\/div>\n<\/div><\/div>\n\n\n\n<div class=\"wp-block-group alignfull has-background-background-color has-background gutenify-section-641981d0-2980-11ee-8348-033521367742 is-layout-constrained wp-container-core-group-is-layout-341efb48 wp-block-group-is-layout-constrained gtfy-25\" style=\"padding-top:100px;padding-right:30px;padding-bottom:100px;padding-left:30px\">\n<div class=\"wp-block-group gutenify-section-63a192b0-2980-11ee-8348-033521367742 is-layout-flow wp-container-core-group-is-layout-47e5a185 wp-block-group-is-layout-flow gtfy-13\">\n<h5 class=\"wp-block-heading gutenify-section-b0ae47d0-377f-11ee-bb2f-65d6d384f0b1 gtfy-6\">La comunicaci\u00f3n corporativa permite a las empresas:<\/h5>\n\n\n\n<div class=\"wp-block-group gutenify-section-385f8630-3780-11ee-bb2f-65d6d384f0b1 is-layout-constrained wp-block-group-is-layout-constrained gtfy-11\" style=\"padding-top:var(--wp--preset--spacing--30);padding-bottom:var(--wp--preset--spacing--30)\">\n<ul class=\"gutenify-section-c8efd840-377f-11ee-bb2f-65d6d384f0b1 wp-block-list gtfy-10\">\n<li class=\"gutenify-section-dad94370-377f-11ee-bb2f-65d6d384f0b1 gtfy-7 gutenify-list-item\">Conseguir una buena imagen de su marca<\/li>\n\n\n\n<li class=\"gutenify-section-09f707f0-3780-11ee-bb2f-65d6d384f0b1 gtfy-8 gutenify-list-item\">Alcanzar un buen posicionamiento<\/li>\n\n\n\n<li class=\"gutenify-section-c91d02c0-377f-11ee-bb2f-65d6d384f0b1 gtfy-9 gutenify-list-item\">Mantener una buena relaci\u00f3n comunicativa<\/li>\n<\/ul>\n<\/div>\n\n\n\n<h5 class=\"wp-block-heading gutenify-section-ef0cecc0-377f-11ee-bb2f-65d6d384f0b1 gtfy-12\">Sea entre los integrantes de la propia externa (comunicaci\u00f3n interna) como con el p\u00fablico y los clientes (comunicaci\u00f3n externa).<\/h5>\n<\/div>\n\n\n\n<div class=\"wp-block-group has-background-secondary-background-color has-background gutenify-section-e03b7bb0-379a-11ee-a96b-4b4a463fd9d3 is-vertical is-layout-flex wp-container-core-group-is-layout-71a730a2 wp-block-group-is-layout-flex gtfy-20\" style=\"padding-top:var(--wp--preset--spacing--60);padding-right:var(--wp--preset--spacing--60);padding-bottom:var(--wp--preset--spacing--60);padding-left:var(--wp--preset--spacing--60)\">\n<div class=\"wp-block-columns gutenify-section-3483d3d0-379a-11ee-a96b-4b4a463fd9d3 is-layout-flex wp-container-core-columns-is-layout-28f84493 wp-block-columns-is-layout-flex gtfy-19\">\n<div class=\"wp-block-column gutenify-section-38242c10-379a-11ee-a96b-4b4a463fd9d3 is-layout-flow wp-block-column-is-layout-flow gtfy-16\">\n<h6 class=\"wp-block-heading gutenify-section-3e54a510-379a-11ee-a96b-4b4a463fd9d3 gtfy-14\">Te ayudamos a planificar una estrategia que establezca el mensaje adecuado a transmitir, elegir a trav\u00e9s de qu\u00e9 canal de comunicaci\u00f3n llegar al receptor i medir posteriormente los resultados. <\/h6>\n\n\n\n<h6 class=\"wp-block-heading gutenify-section-6c1dfd10-3d40-11ee-826f-db5be893c549 gtfy-15\">Ofrecemos consultor\u00eda para responder a los desaf\u00edos de nuestros clientes y les acompa\u00f1amos en el proceso para conseguir el objetivo previsto, buscando diferenciarse de la competencia para tener un valor a\u00f1adido que atrape al p\u00fablico.<\/h6>\n<\/div>\n\n\n\n<div class=\"wp-block-column gutenify-section-3826eb30-379a-11ee-a96b-4b4a463fd9d3 is-layout-flow wp-block-column-is-layout-flow gtfy-18\">\n<figure class=\"wp-block-image size-full is-resized gutenify-section-4583a250-379a-11ee-a96b-4b4a463fd9d3 gtfy-17\"><img loading=\"lazy\" decoding=\"async\" src=\"https:\/\/www.mcom.cat\/wp-content\/uploads\/sites\/2\/2023\/08\/FOTO14_comunicacion_corporativa.jpg\" alt=\"\" class=\"wp-image-771\" style=\"width:398px;height:265px\" width=\"398\" height=\"265\"\/><\/figure>\n<\/div>\n<\/div>\n<\/div>\n\n\n\n<div class=\"wp-block-group gutenify-section-59d90dd0-3781-11ee-bb2f-65d6d384f0b1 is-layout-constrained wp-block-group-is-layout-constrained gtfy-24\">\n<div class=\"wp-block-group gutenify-section-79697f90-3781-11ee-bb2f-65d6d384f0b1 is-vertical is-layout-flex wp-container-core-group-is-layout-fe9cc265 wp-block-group-is-layout-flex gtfy-23\">\n<h5 class=\"wp-block-heading gutenify-section-6549fa80-3781-11ee-bb2f-65d6d384f0b1 gtfy-21\">Mediante un equipo multidisciplinar con formaci\u00f3n en las t\u00e9cnicas m\u00e1s recientes, buscamos generar contenido de valor alineado con los valores de nuestros clientes para lograr captar la atenci\u00f3n del p\u00fablico objetivo y que le llegue el mensaje correcto, construyendo la reputaci\u00f3n de la marca.<\/h5>\n\n\n\n<h5 class=\"wp-block-heading gutenify-section-959590a0-3781-11ee-bb2f-65d6d384f0b1 gtfy-22\">A su vez, es importante establecer protocolos para que la informaci\u00f3n tambi\u00e9n llegue a los propios trabajadores, creando canales de comunicaci\u00f3n interna \u00e1giles y \u00fatiles.<\/h5>\n<\/div>\n<\/div>\n<\/div>\n<\/div>\n","protected":false},"excerpt":{"rendered":"<p>La comunicaci\u00f3n corporativa permite a las empresas: Sea entre los integrantes de la propia externa [&hellip;]<\/p>\n","protected":false},"author":1,"featured_media":0,"parent":0,"menu_order":0,"comment_status":"closed","ping_status":"closed","template":"page-no-title","meta":{"footnotes":""},"class_list":["post-238","page","type-page","status-publish","hentry"],"yoast_head":"<!-- This site is optimized with the Yoast SEO plugin v26.7 - https:\/\/yoast.com\/wordpress\/plugins\/seo\/ -->\n<title>Comunicaci\u00f3n corporativa - MCOM<\/title>\n<meta name=\"robots\" content=\"index, follow, max-snippet:-1, max-image-preview:large, max-video-preview:-1\" \/>\n<link rel=\"canonical\" href=\"https:\/\/www.mcom.cat\/es\/comunicacion-corporativa\/\" \/>\n<meta property=\"og:locale\" content=\"es_ES\" \/>\n<meta property=\"og:type\" content=\"article\" \/>\n<meta property=\"og:title\" content=\"Comunicaci\u00f3n corporativa - MCOM\" \/>\n<meta property=\"og:description\" content=\"La comunicaci\u00f3n corporativa permite a las empresas: Sea entre los integrantes de la propia externa [&hellip;]\" \/>\n<meta property=\"og:url\" content=\"https:\/\/www.mcom.cat\/es\/comunicacion-corporativa\/\" \/>\n<meta property=\"og:site_name\" content=\"MCOM\" \/>\n<meta property=\"article:modified_time\" content=\"2023-08-17T20:55:42+00:00\" \/>\n<meta property=\"og:image\" content=\"https:\/\/www.mcom.cat\/es\/wp-content\/uploads\/sites\/2\/2023\/08\/FOTO2_comunicacio_corporativa.jpg\" \/>\n\t<meta property=\"og:image:width\" content=\"600\" \/>\n\t<meta property=\"og:image:height\" content=\"360\" \/>\n\t<meta property=\"og:image:type\" content=\"image\/jpeg\" \/>\n<meta name=\"twitter:card\" content=\"summary_large_image\" \/>\n<meta name=\"twitter:label1\" content=\"Tiempo de lectura\" \/>\n\t<meta name=\"twitter:data1\" content=\"1 minuto\" \/>\n<script type=\"application\/ld+json\" class=\"yoast-schema-graph\">{\"@context\":\"https:\/\/schema.org\",\"@graph\":[{\"@type\":\"WebPage\",\"@id\":\"https:\/\/www.mcom.cat\/es\/comunicacion-corporativa\/\",\"url\":\"https:\/\/www.mcom.cat\/es\/comunicacion-corporativa\/\",\"name\":\"Comunicaci\u00f3n corporativa - MCOM\",\"isPartOf\":{\"@id\":\"https:\/\/www.mcom.cat\/es\/#website\"},\"primaryImageOfPage\":{\"@id\":\"https:\/\/www.mcom.cat\/es\/comunicacion-corporativa\/#primaryimage\"},\"image\":{\"@id\":\"https:\/\/www.mcom.cat\/es\/comunicacion-corporativa\/#primaryimage\"},\"thumbnailUrl\":\"https:\/\/www.mcom.cat\/wp-content\/uploads\/sites\/2\/2023\/08\/FOTO2_comunicacio_corporativa.jpg\",\"datePublished\":\"2023-08-10T13:27:30+00:00\",\"dateModified\":\"2023-08-17T20:55:42+00:00\",\"breadcrumb\":{\"@id\":\"https:\/\/www.mcom.cat\/es\/comunicacion-corporativa\/#breadcrumb\"},\"inLanguage\":\"es\",\"potentialAction\":[{\"@type\":\"ReadAction\",\"target\":[\"https:\/\/www.mcom.cat\/es\/comunicacion-corporativa\/\"]}]},{\"@type\":\"ImageObject\",\"inLanguage\":\"es\",\"@id\":\"https:\/\/www.mcom.cat\/es\/comunicacion-corporativa\/#primaryimage\",\"url\":\"https:\/\/www.mcom.cat\/wp-content\/uploads\/sites\/2\/2023\/08\/FOTO2_comunicacio_corporativa.jpg\",\"contentUrl\":\"https:\/\/www.mcom.cat\/wp-content\/uploads\/sites\/2\/2023\/08\/FOTO2_comunicacio_corporativa.jpg\"},{\"@type\":\"BreadcrumbList\",\"@id\":\"https:\/\/www.mcom.cat\/es\/comunicacion-corporativa\/#breadcrumb\",\"itemListElement\":[{\"@type\":\"ListItem\",\"position\":1,\"name\":\"Inici\",\"item\":\"https:\/\/www.mcom.cat\/es\/\"},{\"@type\":\"ListItem\",\"position\":2,\"name\":\"Comunicaci\u00f3n corporativa\"}]},{\"@type\":\"WebSite\",\"@id\":\"https:\/\/www.mcom.cat\/es\/#website\",\"url\":\"https:\/\/www.mcom.cat\/es\/\",\"name\":\"MCOM\",\"description\":\"\",\"publisher\":{\"@id\":\"https:\/\/www.mcom.cat\/es\/#organization\"},\"potentialAction\":[{\"@type\":\"SearchAction\",\"target\":{\"@type\":\"EntryPoint\",\"urlTemplate\":\"https:\/\/www.mcom.cat\/es\/?s={search_term_string}\"},\"query-input\":{\"@type\":\"PropertyValueSpecification\",\"valueRequired\":true,\"valueName\":\"search_term_string\"}}],\"inLanguage\":\"es\"},{\"@type\":\"Organization\",\"@id\":\"https:\/\/www.mcom.cat\/es\/#organization\",\"name\":\"MCOM\",\"url\":\"https:\/\/www.mcom.cat\/es\/\",\"logo\":{\"@type\":\"ImageObject\",\"inLanguage\":\"es\",\"@id\":\"https:\/\/www.mcom.cat\/es\/#\/schema\/logo\/image\/\",\"url\":\"https:\/\/www.mcom.cat\/es\/wp-content\/uploads\/sites\/2\/2023\/08\/logo_mcom.png\",\"contentUrl\":\"https:\/\/www.mcom.cat\/es\/wp-content\/uploads\/sites\/2\/2023\/08\/logo_mcom.png\",\"width\":562,\"height\":450,\"caption\":\"MCOM\"},\"image\":{\"@id\":\"https:\/\/www.mcom.cat\/es\/#\/schema\/logo\/image\/\"}}]}<\/script>\n<!-- \/ Yoast SEO plugin. -->","yoast_head_json":{"title":"Comunicaci\u00f3n corporativa - MCOM","robots":{"index":"index","follow":"follow","max-snippet":"max-snippet:-1","max-image-preview":"max-image-preview:large","max-video-preview":"max-video-preview:-1"},"canonical":"https:\/\/www.mcom.cat\/es\/comunicacion-corporativa\/","og_locale":"es_ES","og_type":"article","og_title":"Comunicaci\u00f3n corporativa - MCOM","og_description":"La comunicaci\u00f3n corporativa permite a las empresas: Sea entre los integrantes de la propia externa [&hellip;]","og_url":"https:\/\/www.mcom.cat\/es\/comunicacion-corporativa\/","og_site_name":"MCOM","article_modified_time":"2023-08-17T20:55:42+00:00","og_image":[{"width":600,"height":360,"url":"https:\/\/www.mcom.cat\/es\/wp-content\/uploads\/sites\/2\/2023\/08\/FOTO2_comunicacio_corporativa.jpg","type":"image\/jpeg"}],"twitter_card":"summary_large_image","twitter_misc":{"Tiempo de lectura":"1 minuto"},"schema":{"@context":"https:\/\/schema.org","@graph":[{"@type":"WebPage","@id":"https:\/\/www.mcom.cat\/es\/comunicacion-corporativa\/","url":"https:\/\/www.mcom.cat\/es\/comunicacion-corporativa\/","name":"Comunicaci\u00f3n corporativa - MCOM","isPartOf":{"@id":"https:\/\/www.mcom.cat\/es\/#website"},"primaryImageOfPage":{"@id":"https:\/\/www.mcom.cat\/es\/comunicacion-corporativa\/#primaryimage"},"image":{"@id":"https:\/\/www.mcom.cat\/es\/comunicacion-corporativa\/#primaryimage"},"thumbnailUrl":"https:\/\/www.mcom.cat\/wp-content\/uploads\/sites\/2\/2023\/08\/FOTO2_comunicacio_corporativa.jpg","datePublished":"2023-08-10T13:27:30+00:00","dateModified":"2023-08-17T20:55:42+00:00","breadcrumb":{"@id":"https:\/\/www.mcom.cat\/es\/comunicacion-corporativa\/#breadcrumb"},"inLanguage":"es","potentialAction":[{"@type":"ReadAction","target":["https:\/\/www.mcom.cat\/es\/comunicacion-corporativa\/"]}]},{"@type":"ImageObject","inLanguage":"es","@id":"https:\/\/www.mcom.cat\/es\/comunicacion-corporativa\/#primaryimage","url":"https:\/\/www.mcom.cat\/wp-content\/uploads\/sites\/2\/2023\/08\/FOTO2_comunicacio_corporativa.jpg","contentUrl":"https:\/\/www.mcom.cat\/wp-content\/uploads\/sites\/2\/2023\/08\/FOTO2_comunicacio_corporativa.jpg"},{"@type":"BreadcrumbList","@id":"https:\/\/www.mcom.cat\/es\/comunicacion-corporativa\/#breadcrumb","itemListElement":[{"@type":"ListItem","position":1,"name":"Inici","item":"https:\/\/www.mcom.cat\/es\/"},{"@type":"ListItem","position":2,"name":"Comunicaci\u00f3n corporativa"}]},{"@type":"WebSite","@id":"https:\/\/www.mcom.cat\/es\/#website","url":"https:\/\/www.mcom.cat\/es\/","name":"MCOM","description":"","publisher":{"@id":"https:\/\/www.mcom.cat\/es\/#organization"},"potentialAction":[{"@type":"SearchAction","target":{"@type":"EntryPoint","urlTemplate":"https:\/\/www.mcom.cat\/es\/?s={search_term_string}"},"query-input":{"@type":"PropertyValueSpecification","valueRequired":true,"valueName":"search_term_string"}}],"inLanguage":"es"},{"@type":"Organization","@id":"https:\/\/www.mcom.cat\/es\/#organization","name":"MCOM","url":"https:\/\/www.mcom.cat\/es\/","logo":{"@type":"ImageObject","inLanguage":"es","@id":"https:\/\/www.mcom.cat\/es\/#\/schema\/logo\/image\/","url":"https:\/\/www.mcom.cat\/es\/wp-content\/uploads\/sites\/2\/2023\/08\/logo_mcom.png","contentUrl":"https:\/\/www.mcom.cat\/es\/wp-content\/uploads\/sites\/2\/2023\/08\/logo_mcom.png","width":562,"height":450,"caption":"MCOM"},"image":{"@id":"https:\/\/www.mcom.cat\/es\/#\/schema\/logo\/image\/"}}]}},"_links":{"self":[{"href":"https:\/\/www.mcom.cat\/es\/wp-json\/wp\/v2\/pages\/238","targetHints":{"allow":["GET"]}}],"collection":[{"href":"https:\/\/www.mcom.cat\/es\/wp-json\/wp\/v2\/pages"}],"about":[{"href":"https:\/\/www.mcom.cat\/es\/wp-json\/wp\/v2\/types\/page"}],"author":[{"embeddable":true,"href":"https:\/\/www.mcom.cat\/es\/wp-json\/wp\/v2\/users\/1"}],"replies":[{"embeddable":true,"href":"https:\/\/www.mcom.cat\/es\/wp-json\/wp\/v2\/comments?post=238"}],"version-history":[{"count":2,"href":"https:\/\/www.mcom.cat\/es\/wp-json\/wp\/v2\/pages\/238\/revisions"}],"predecessor-version":[{"id":872,"href":"https:\/\/www.mcom.cat\/es\/wp-json\/wp\/v2\/pages\/238\/revisions\/872"}],"wp:attachment":[{"href":"https:\/\/www.mcom.cat\/es\/wp-json\/wp\/v2\/media?parent=238"}],"curies":[{"name":"wp","href":"https:\/\/api.w.org\/{rel}","templated":true}]}}